{"id":1903,"date":"2018-04-15T08:38:35","date_gmt":"2018-04-15T06:38:35","guid":{"rendered":"http:\/\/spp3.slawno.pl\/?page_id=1903"},"modified":"2024-01-25T13:41:03","modified_gmt":"2024-01-25T12:41:03","slug":"rekrutacja-2018-2019","status":"publish","type":"page","link":"http:\/\/spp3.slawno.pl\/?page_id=1903","title":{"rendered":"Rekrutacja 2024\/2025"},"content":{"rendered":"<p>\u00a0<\/p>\n<p style=\"text-align: center;\"><strong><img loading=\"lazy\" decoding=\"async\" class=\"alignleft\" src=\"http:\/\/spp3.slawno.pl\/wp-content\/uploads\/2017\/11\/sp3-logo-pomniejszone.jpg\" width=\"243\" height=\"207\" \/><\/strong><\/p>\n<p>\u00a0<\/p>\n<p style=\"text-align: center;\">ZASADY I KRYTERIA NABORU UCZNI\u00d3W<\/p>\n<p style=\"text-align: center;\">DO KLASY PIERWSZEJ SZK\u00d3\u0141 PODSTAWOWYCH W S\u0141AWNIE<\/p>\n<p>Podstawa prawna:<\/p>\n<ul>\n<li>Prawo o\u015bwiatowe (Dz. U. z 2017 r., poz. 59 ze zmianami)<\/li>\n<li>Zarz\u0105dzenie Nr 12\/2024 Burmistrza Miasta S\u0142awno z dnia 22 stycznia 2022 r. w sprawie ustalenia harmonogramu czynno\u015bci w post\u0119powaniu rekrutacyjnym i post\u0119powaniu uzupe\u0142niaj\u0105cym na rok szkolny 2024\/2025 do publicznych przedszkoli oraz do klas pierwszych szk\u00f3\u0142 podstawowych dla kt\u00f3rych Miasto S\u0142awno jest organem prowadz\u0105cym.<\/li>\n<li>Zarz\u0105dzenie Nr 11\/2024 Burmistrza Miasta S\u0142awno z dnia 22 stycznia 2024 r. w sprawie podania do publicznej wiadomo\u015bci kryteri\u00f3w branych pod uwag\u0119 w post\u0119powaniu rekrutacyjnym i uzupe\u0142niaj\u0105cym do publicznych: przedszkoli i szk\u00f3\u0142 podstawowych prowadzonych przez Miasto S\u0142awno oraz dokument\u00f3w niezb\u0119dnych do potwierdzenia tych kryteri\u00f3w, a tak\u017ce liczby punkt\u00f3w mo\u017cliwych do uzyskania za poszczeg\u00f3lne kryteria.<\/li>\n<\/ul>\n<ol>\n<li>Do klasy pierwszej szko\u0142y podstawowej przyjmowane s\u0105 dzieci, kt\u00f3re w danym roku kalendarzowym podlegaj\u0105 obowi\u0105zkowi szkolnemu i nie odroczono im rozpocz\u0119cia spe\u0142nienia obowi\u0105zku szkolnego oraz dzieci w stosunku, do kt\u00f3rych podj\u0119to decyzj\u0119 o wcze\u015bniejszym przyj\u0119ciu do szko\u0142y podstawowej.<\/li>\n<li>Do klasy pierwszej szko\u0142y podstawowej prowadzonej przez Gmin\u0119 Miasto S\u0142awno przyjmuje si\u0119:<\/li>\n<li>a) z urz\u0119du \u2013dzieci zamieszka\u0142e w obwodzie szko\u0142y na podstawie karty zg\u0142oszenia <strong>&#8211; za\u0142\u0105cznik nr 1.<\/strong><\/li>\n<li>b) na wniosek rodzic\u00f3w \u2013dzieci zamieszka\u0142e poza obwodem szko\u0142y w przypadku, gdy szko\u0142a dysponuje wolnymi miejscami \u2013<strong>za\u0142\u0105cznik nr 2.<\/strong><\/li>\n<\/ol>\n<p>3.Nab\u00f3r uczni\u00f3w do klas pierwszych prowadzony jest wg harmonogramu:<\/p>\n<table width=\"671\">\n<tbody>\n<tr>\n<td width=\"42\">Lp.<\/td>\n<td width=\"264\">Rodzaj czynno\u015bci<\/td>\n<td width=\"186\">Termin w post\u0119powaniu rekrutacyjnym<\/td>\n<td style=\"text-align: left;\" width=\"180\">\n<p>Termin w post\u0119powaniu uzupe\u0142niaj\u0105cym<\/p>\n<\/td>\n<\/tr>\n<tr>\n<td width=\"42\">1.<\/td>\n<td width=\"264\">Z\u0142o\u017cenie wniosku o przyj\u0119cie do szko\u0142y podstawowej wraz z dokumentami potwierdzaj\u0105cymi spe\u0142nianie przez kandydata warunk\u00f3w lub kryteri\u00f3w branych pod uwag\u0119 w post\u0119powaniu rekrutacyjnym.<\/td>\n<td width=\"186\">\n<p>od 12 lutego 2024r. do 08 marca 2024 r. do godz.15.00<\/p>\n<\/td>\n<td width=\"180\">\n<p>od 19 sierpnia 2024 r. do 20 sierpnia 2024 r. do godz.12.00<\/p>\n<\/td>\n<\/tr>\n<tr>\n<td width=\"42\">2.<\/td>\n<td width=\"264\">Weryfikacja przez komisj\u0119 rekrutacyjn\u0105 wniosk\u00f3w o przyj\u0119cie do szko\u0142y podstawowej i dokument\u00f3w potwierdzaj\u0105cych spe\u0142nianie przez kandydata warunk\u00f3w lub kryteri\u00f3w branych pod uwag\u0119 w post\u0119powaniu rekrutacyjnym, w tym dokonanie przez przewodnicz\u0105cego komisji rekrutacyjnej czynno\u015bci, o kt\u00f3rych mowa w art. 150 ust. 7 ustawy Prawo O\u015bwiatowe<\/td>\n<td width=\"186\">\n<p>od 11 marca 2024 r. do 15 marca 2024 r. do godz.15.00<\/p>\n<\/td>\n<td width=\"180\">\n<p>od 21 sierpnia 2024 r. do 23 sierpnia 2024 do godz. 15.00<\/p>\n<\/td>\n<\/tr>\n<tr>\n<td width=\"42\">3.<\/td>\n<td width=\"264\">Podanie do publicznej wiadomo\u015bci przez komisj\u0119 rekrutacyjn\u0105 listy kandydat\u00f3w zakwalifikowanych i kandydat\u00f3w niezakwalifikowanych.<\/td>\n<td width=\"186\">\n<p>25 marca 2024 r.\u00a0\u00a0\u00a0\u00a0 \u00a0\u00a0\u00a0\u00a0<\/p>\n<p>do godz.15.00<\/p>\n<\/td>\n<td width=\"180\">\n<p>26 sierpnia 2024 r.\u00a0<\/p>\n<p>do godz. 12.00<\/p>\n<\/td>\n<\/tr>\n<tr>\n<td width=\"42\">4.<\/td>\n<td width=\"264\">Potwierdzenie przez rodzica kandydata woli przyj\u0119cia w postaci pisemnego o\u015bwiadczenia<\/td>\n<td width=\"186\">\n<p>od 26 marca 2024 r. od godz.10.00\u00a0 do 29 marca 2024r. do godz.14.00<\/p>\n<p>\u00a0<\/p>\n<\/td>\n<td width=\"180\">\n<p>od 27 sierpnia 2024 r. od godz.10.00 do 28 sierpnia 2024 r. do godz.15.00<\/p>\n<\/td>\n<\/tr>\n<tr>\n<td width=\"42\">5<\/td>\n<td width=\"264\">Podanie do publicznej wiadomo\u015bci przez komisj\u0119 rekrutacyjn\u0105 listy kandydat\u00f3w przyj\u0119tych i kandydat\u00f3w nieprzyj\u0119tych.<\/td>\n<td width=\"186\">\n<p>03 kwietnia 2024 r. do godz.15.00<\/p>\n<\/td>\n<td width=\"180\">\n<p>29 sierpnia 2024 r. do godz.15.00<\/p>\n<\/td>\n<\/tr>\n<\/tbody>\n<\/table>\n<p>4. W przypadku, gdy liczba wniosk\u00f3w rodzic\u00f3w\/prawnych opiekun\u00f3w o przyj\u0119cie do szko\u0142y dziecka zamieszka\u0142ego <strong><u>poza obwodem szko\u0142y<\/u><\/strong> jest wi\u0119ksza ni\u017c liczba wolnych miejsc, kt\u00f3rymi dysponuje szko\u0142a, dzieci przyjmuje si\u0119 z uwzgl\u0119dnieniem nast\u0119puj\u0105cych kryteri\u00f3w:<\/p>\n\n\n<figure class=\"wp-block-image size-full\"><img loading=\"lazy\" decoding=\"async\" width=\"692\" height=\"944\" src=\"http:\/\/spp3.slawno.pl\/wp-content\/uploads\/2022\/02\/4.png\" alt=\"Kryteria naboru\" class=\"wp-image-12382\" srcset=\"http:\/\/spp3.slawno.pl\/wp-content\/uploads\/2022\/02\/4.png 692w, http:\/\/spp3.slawno.pl\/wp-content\/uploads\/2022\/02\/4-220x300.png 220w\" sizes=\"(max-width: 692px) 100vw, 692px\" \/><\/figure>\n\n\n\n<p>                                                       Maksymalnie <strong>45<\/strong> punkt\u00f3w<\/p>\n\n\n\n<p>5. O przyj\u0119ciu dziecka spoza obwodu decyduje liczba uzyskanych punkt\u00f3w, a w przypadku r\u00f3wnej liczby punkt\u00f3w decyduje data wp\u0142ywu wniosku.<\/p>\n\n\n\n<p>6. Lista uczni\u00f3w z podzia\u0142em na dany oddzia\u0142 b\u0119dzie podana w dniu 29 sierpnia 2024 r. do godz. 12.00<\/p>\n\n\n\n<div class=\"wp-block-file\"><a href=\"http:\/\/spp3.slawno.pl\/wp-content\/uploads\/2024\/01\/Zalacznik-1-rekrutacja-z-naszego-obwodu-2024-25-2.docx\">Zalacznik-1-rekrutacja-z naszego obwodu-2024-25 (2)<\/a><a href=\"http:\/\/spp3.slawno.pl\/wp-content\/uploads\/2024\/01\/Zalacznik-1-rekrutacja-z-naszego-obwodu-2024-25-2.docx\" class=\"wp-block-file__button\" download>Pobierz<\/a><\/div>\n\n\n\n<div class=\"wp-block-file\"><a href=\"http:\/\/spp3.slawno.pl\/wp-content\/uploads\/2024\/01\/Zalacznik-2-rekrutacja-spoza-obwodu-2024-25-1.docx\">Zalacznik-2-rekrutacja-spoza obwodu-2024-25 (1)<\/a><a href=\"http:\/\/spp3.slawno.pl\/wp-content\/uploads\/2024\/01\/Zalacznik-2-rekrutacja-spoza-obwodu-2024-25-1.docx\" class=\"wp-block-file__button\" download>Pobierz<\/a><\/div>\n\n\n\n<div class=\"wp-block-file\"><a href=\"http:\/\/spp3.slawno.pl\/wp-content\/uploads\/2024\/01\/Zalacznik-nr-4-Potwierdzenie-woli-1.docx\">Za\u0142\u0105cznik-nr-4-Potwierdzenie-woli (1)<\/a><a href=\"http:\/\/spp3.slawno.pl\/wp-content\/uploads\/2024\/01\/Zalacznik-nr-4-Potwierdzenie-woli-1.docx\" class=\"wp-block-file__button\" download>Pobierz<\/a><\/div>\n\n\n\n<figure class=\"wp-block-image size-full\"><img loading=\"lazy\" decoding=\"async\" width=\"965\" height=\"579\" src=\"http:\/\/spp3.slawno.pl\/wp-content\/uploads\/2022\/02\/5.png\" alt=\"\" class=\"wp-image-12384\" srcset=\"http:\/\/spp3.slawno.pl\/wp-content\/uploads\/2022\/02\/5.png 965w, http:\/\/spp3.slawno.pl\/wp-content\/uploads\/2022\/02\/5-300x180.png 300w, http:\/\/spp3.slawno.pl\/wp-content\/uploads\/2022\/02\/5-768x461.png 768w\" sizes=\"(max-width: 965px) 100vw, 965px\" \/><\/figure>\n","protected":false},"excerpt":{"rendered":"<div class=\"mh-excerpt\"><p>\u00a0 \u00a0 ZASADY I KRYTERIA NABORU UCZNI\u00d3W DO KLASY PIERWSZEJ SZK\u00d3\u0141 PODSTAWOWYCH W S\u0141AWNIE Podstawa prawna: Prawo o\u015bwiatowe (Dz. U. z 2017 r., poz. 59 <a class=\"mh-excerpt-more\" href=\"http:\/\/spp3.slawno.pl\/?page_id=1903\" title=\"Rekrutacja 2024\/2025\">[&#8230;]<\/a><\/p>\n<\/div>","protected":false},"author":2,"featured_media":0,"parent":45,"menu_order":0,"comment_status":"closed","ping_status":"closed","template":"","meta":{"footnotes":""},"class_list":["post-1903","page","type-page","status-publish","hentry"],"_links":{"self":[{"href":"http:\/\/spp3.slawno.pl\/index.php?rest_route=\/wp\/v2\/pages\/1903"}],"collection":[{"href":"http:\/\/spp3.slawno.pl\/index.php?rest_route=\/wp\/v2\/pages"}],"about":[{"href":"http:\/\/spp3.slawno.pl\/index.php?rest_route=\/wp\/v2\/types\/page"}],"author":[{"embeddable":true,"href":"http:\/\/spp3.slawno.pl\/index.php?rest_route=\/wp\/v2\/users\/2"}],"replies":[{"embeddable":true,"href":"http:\/\/spp3.slawno.pl\/index.php?rest_route=%2Fwp%2Fv2%2Fcomments&post=1903"}],"version-history":[{"count":31,"href":"http:\/\/spp3.slawno.pl\/index.php?rest_route=\/wp\/v2\/pages\/1903\/revisions"}],"predecessor-version":[{"id":19100,"href":"http:\/\/spp3.slawno.pl\/index.php?rest_route=\/wp\/v2\/pages\/1903\/revisions\/19100"}],"up":[{"embeddable":true,"href":"http:\/\/spp3.slawno.pl\/index.php?rest_route=\/wp\/v2\/pages\/45"}],"wp:attachment":[{"href":"http:\/\/spp3.slawno.pl\/index.php?rest_route=%2Fwp%2Fv2%2Fmedia&parent=1903"}],"curies":[{"name":"wp","href":"https:\/\/api.w.org\/{rel}","templated":true}]}}